{"id":126,"date":"2012-12-28T10:17:25","date_gmt":"2012-12-28T09:17:25","guid":{"rendered":"http:\/\/weimarersv.de\/wordpress\/?page_id=126"},"modified":"2020-02-24T18:29:49","modified_gmt":"2020-02-24T17:29:49","slug":"maennern-fuer-maenner","status":"publish","type":"page","link":"https:\/\/weimarersv.de\/wordpress\/index.php\/maennern-fuer-maenner\/","title":{"rendered":"M\u00e4nnerfreizeitsport"},"content":{"rendered":"<p style=\"text-align: center;\">Mit unserer neuen Abteilung hat der Weimarer Sportverein e.V. eine neue spezielle Sportgruppe ins Leben gerufen.<\/p>\n<p style=\"text-align: center;\">Ein erfahrener Sportlehrer bietet f\u00fcr M\u00e4nner jenseits des 50. Geburtstages, die sich sportlich bet\u00e4tigen wollen, \u00dcbungen f\u00fcr Wohlbefinden und Fitness an.<\/p>\n<p style=\"text-align: center;\"><span style=\"text-decoration: underline;\">Gruppe 1<\/span><\/p>\n<p style=\"text-align: center;\">Montag<br \/>\n16:30 &#8211; 18:00 Uhr<\/p>\n<p style=\"text-align: center;\">in der Turnhalle des F\u00f6rderzentrum Lernen \u2013 Herderschule Weimar<\/p>\n<p style=\"text-align: center;\">in der Bonhoefferstr. 46, 99427 Weimar.<\/p>\n<p style=\"text-align: center;\"><span style=\"text-decoration: underline;\">Gruppe 2<br \/>\n<\/span><\/p>\n<p style=\"text-align: center;\">Donnerstag<br \/>\n17:00 &#8211; 18:30 Uhr<\/p>\n<p style=\"text-align: center;\">in der Turnhalle&nbsp; \u2013 Staatliche Regelschule &#8222;Carl-August Mus\u00e4us&#8220; Weimar<\/p>\n<p style=\"text-align: center;\">in der Moskauerstr. 63, 99427 Weimar.<\/p>\n<p style=\"text-align: center;\">Entsprechend dem k\u00f6rperlichen Leistungsverm\u00f6gen werden gezielte Spiel- und \u00dcbungsformen f\u00fcr alle Teilnehmer gew\u00e4hlt.<br \/>\nZweimal probieren und dann regelm\u00e4\u00dfig teilnehmen.<\/p>\n<p style=\"text-align: center;\">Weitere Infos unter<br \/>\n03643\/502049<\/p>\n","protected":false},"excerpt":{"rendered":"<p>Mit unserer neuen Abteilung hat der Weimarer Sportverein e.V. eine neue spezielle Sportgruppe ins Leben gerufen. Ein erfahrener Sportlehrer bietet f\u00fcr M\u00e4nner jenseits des 50. Geburtstages, die sich sportlich bet\u00e4tigen wollen, \u00dcbungen f\u00fcr Wohlbefinden und Fitness an. Gruppe 1 Montag &hellip; <a href=\"https:\/\/weimarersv.de\/wordpress\/index.php\/maennern-fuer-maenner\/\">Weiterlesen <span class=\"meta-nav\">&rarr;<\/span><\/a><\/p>\n","protected":false},"author":1,"featured_media":0,"parent":0,"menu_order":0,"comment_status":"closed","ping_status":"open","template":"","meta":{"ngg_post_thumbnail":0,"footnotes":""},"class_list":["post-126","page","type-page","status-publish","hentry"],"_links":{"self":[{"href":"https:\/\/weimarersv.de\/wordpress\/index.php\/wp-json\/wp\/v2\/pages\/126","targetHints":{"allow":["GET"]}}],"collection":[{"href":"https:\/\/weimarersv.de\/wordpress\/index.php\/wp-json\/wp\/v2\/pages"}],"about":[{"href":"https:\/\/weimarersv.de\/wordpress\/index.php\/wp-json\/wp\/v2\/types\/page"}],"author":[{"embeddable":true,"href":"https:\/\/weimarersv.de\/wordpress\/index.php\/wp-json\/wp\/v2\/users\/1"}],"replies":[{"embeddable":true,"href":"https:\/\/weimarersv.de\/wordpress\/index.php\/wp-json\/wp\/v2\/comments?post=126"}],"version-history":[{"count":11,"href":"https:\/\/weimarersv.de\/wordpress\/index.php\/wp-json\/wp\/v2\/pages\/126\/revisions"}],"predecessor-version":[{"id":738,"href":"https:\/\/weimarersv.de\/wordpress\/index.php\/wp-json\/wp\/v2\/pages\/126\/revisions\/738"}],"wp:attachment":[{"href":"https:\/\/weimarersv.de\/wordpress\/index.php\/wp-json\/wp\/v2\/media?parent=126"}],"curies":[{"name":"wp","href":"https:\/\/api.w.org\/{rel}","templated":true}]}}